{"id":274,"date":"2022-10-21T00:31:53","date_gmt":"2022-10-21T03:31:53","guid":{"rendered":"https:\/\/hiox.com.ar\/das\/?page_id=274"},"modified":"2025-05-28T16:29:19","modified_gmt":"2025-05-28T19:29:19","slug":"inicio","status":"publish","type":"page","link":"https:\/\/daslatam.org\/daslatam\/","title":{"rendered":"Inicio"},"content":{"rendered":"\n\n\n\n<h3 class=\"wp-block-heading has-background\" style=\"background-color:#f8f8f8\">En <strong>DAS Latam <\/strong>contamos con profesionales interdisciplinarios con formaci\u00f3n acad\u00e9mica de reconocimiento mundial. <br><br>Docentes, Investigadores, Consultores con <strong>experiencia calificada<\/strong> en Programas con financiamiento internacionales que atienden <strong>diversas necesidades<\/strong> de gobiernos centrales, provinciales y municipales. <br><br>Hemos participado en la <strong>formulaci\u00f3n, evaluaci\u00f3n, monitoreo y ejecuci\u00f3n<\/strong> de Programas con Financiamiento de Organismos Multilaterales de Cr\u00e9dito (principalmente BID) <strong>en Latinoam\u00e9rica<\/strong>: Colombia, Uruguay, Bolivia, Argentina, Paraguay.<\/h3>\n\n\n\n<div><div class=\"gb-looper-06ee9047\">\n<div class=\"gb-loop-item gb-loop-item-78276832 post-1009 post type-post status-publish format-standard has-post-thumbnail hentry category-pymes tag-argentina tag-proveedores tag-pymes tag-registros\">\n<img loading=\"lazy\" decoding=\"async\" width=\"2560\" height=\"1299\" data-media-id=\"1010\" class=\"gb-media-81958b5b\" src=\"https:\/\/daslatam.org\/daslatam\/wp-content\/uploads\/2025\/11\/image-scaled.png\" alt=\"Registros de Proveedores en Argentina y Organismos Internacionales\" srcset=\"https:\/\/daslatam.org\/daslatam\/wp-content\/uploads\/2025\/11\/image-scaled.png 2560w, https:\/\/daslatam.org\/daslatam\/wp-content\/uploads\/2025\/11\/image-300x152.png 300w, https:\/\/daslatam.org\/daslatam\/wp-content\/uploads\/2025\/11\/image-1024x520.png 1024w, https:\/\/daslatam.org\/daslatam\/wp-content\/uploads\/2025\/11\/image-768x390.png 768w, https:\/\/daslatam.org\/daslatam\/wp-content\/uploads\/2025\/11\/image-1536x780.png 1536w, https:\/\/daslatam.org\/daslatam\/wp-content\/uploads\/2025\/11\/image-2048x1040.png 2048w\" sizes=\"auto, (max-width: 2560px) 100vw, 2560px\" \/>\n\n\n\n<h3 class=\"gb-text gb-text-425e6c24\"><a href=\"https:\/\/daslatam.org\/daslatam\/guia-completa-registros-de-proveedores-en-argentina-y-organismos-internacionales\/\">Registros de Proveedores en Argentina y Organismos Internacionales<\/a><\/h3>\n\n\n<div class=\"wp-block-post-date\"><time datetime=\"2025-11-12T00:17:22-03:00\">2025<\/time><\/div>\n\n\n<p class=\"gb-text gb-text-5097ecc0\">En el marco de nuestro servicio de asesoramiento integral a nuevas PyMEs, desarrollamos esta gu\u00eda exhaustiva con todos los registros de proveedores nacionales, provinciales y organismos internacionales de cr\u00e9dito (PNUD, BID, BIRF, ONU, CAF).<\/p>\n<\/div>\n\n<div class=\"gb-loop-item gb-loop-item-78276832 post-1020 post type-post status-publish format-standard has-post-thumbnail hentry category-pymes tag-argentina tag-pymes tag-tecnologia-tics\">\n<img loading=\"lazy\" decoding=\"async\" width=\"1002\" height=\"612\" data-media-id=\"1021\" class=\"gb-media-81958b5b\" src=\"https:\/\/daslatam.org\/daslatam\/wp-content\/uploads\/2025\/12\/Captura-de-pantalla-2025-12-11-a-las-9.26.44-a.-m.png\" alt=\"C\u00f3mo construir una presencia corporativa profesional?\" srcset=\"https:\/\/daslatam.org\/daslatam\/wp-content\/uploads\/2025\/12\/Captura-de-pantalla-2025-12-11-a-las-9.26.44-a.-m.png 1002w, https:\/\/daslatam.org\/daslatam\/wp-content\/uploads\/2025\/12\/Captura-de-pantalla-2025-12-11-a-las-9.26.44-a.-m-300x183.png 300w, https:\/\/daslatam.org\/daslatam\/wp-content\/uploads\/2025\/12\/Captura-de-pantalla-2025-12-11-a-las-9.26.44-a.-m-768x469.png 768w\" sizes=\"auto, (max-width: 1002px) 100vw, 1002px\" \/>\n\n\n\n<h3 class=\"gb-text gb-text-425e6c24\"><a href=\"https:\/\/daslatam.org\/daslatam\/como-construir-una-presencia-corporativa-profesional\/\">C\u00f3mo construir una presencia corporativa profesional?<\/a><\/h3>\n\n\n<div class=\"wp-block-post-date\"><time datetime=\"2025-09-21T09:27:00-03:00\">2025<\/time><\/div>\n\n\n<p class=\"gb-text gb-text-5097ecc0\">Kit de Arranque Digital: C\u00f3mo construir una presencia corporativa profesional con (casi) cero presupuesto. Herramientas, estrategias y trucos para que tu startup se vea gigante desde el d\u00eda uno.<\/p>\n<\/div>\n\n<div class=\"gb-loop-item gb-loop-item-78276832 post-772 post type-post status-publish format-standard has-post-thumbnail hentry category-programa-bid-4802-oc-ar tag-argentina tag-bid tag-fiscal tag-salud tag-tecnologia-tics\">\n<img loading=\"lazy\" decoding=\"async\" width=\"2560\" height=\"793\" data-media-id=\"773\" class=\"gb-media-81958b5b\" src=\"https:\/\/daslatam.org\/daslatam\/wp-content\/uploads\/2025\/05\/samic-scaled.png\" alt=\"Programa de Apoyo a la Gesti\u00f3n Integrada del Gasto P\u00fablico\" srcset=\"https:\/\/daslatam.org\/daslatam\/wp-content\/uploads\/2025\/05\/samic-scaled.png 2560w, https:\/\/daslatam.org\/daslatam\/wp-content\/uploads\/2025\/05\/samic-300x93.png 300w, https:\/\/daslatam.org\/daslatam\/wp-content\/uploads\/2025\/05\/samic-1024x317.png 1024w, https:\/\/daslatam.org\/daslatam\/wp-content\/uploads\/2025\/05\/samic-768x238.png 768w, https:\/\/daslatam.org\/daslatam\/wp-content\/uploads\/2025\/05\/samic-1536x476.png 1536w, https:\/\/daslatam.org\/daslatam\/wp-content\/uploads\/2025\/05\/samic-2048x634.png 2048w\" sizes=\"auto, (max-width: 2560px) 100vw, 2560px\" \/>\n\n\n\n<h3 class=\"gb-text gb-text-425e6c24\"><a href=\"https:\/\/daslatam.org\/daslatam\/programa-de-apoyo-a-la-gestion-integrada-del-gasto-publico-2\/\">Programa de Apoyo a la Gesti\u00f3n Integrada del Gasto P\u00fablico<\/a><\/h3>\n\n\n<div class=\"wp-block-post-date\"><time datetime=\"2025-04-01T15:05:00-03:00\">2025<\/time><\/div>\n\n\n<p class=\"gb-text gb-text-5097ecc0\">Relevamiento e-SIDIF en Hospitales de la red SAMIC<\/p>\n<\/div>\n\n<div class=\"gb-loop-item gb-loop-item-78276832 post-768 post type-post status-publish format-standard has-post-thumbnail hentry category-cooperacion-bid tag-argentina tag-bid tag-fiscal tag-tecnologia-tics\">\n<img loading=\"lazy\" decoding=\"async\" width=\"1078\" height=\"558\" data-media-id=\"769\" class=\"gb-media-81958b5b\" src=\"https:\/\/daslatam.org\/daslatam\/wp-content\/uploads\/2025\/05\/cambioclimatico.png\" alt=\"Pol\u00edtica Fiscal para el Cambio Clim\u00e1tico: Apoyo al Ministerio de Econom\u00eda de Argentina\" srcset=\"https:\/\/daslatam.org\/daslatam\/wp-content\/uploads\/2025\/05\/cambioclimatico.png 1078w, https:\/\/daslatam.org\/daslatam\/wp-content\/uploads\/2025\/05\/cambioclimatico-300x155.png 300w, https:\/\/daslatam.org\/daslatam\/wp-content\/uploads\/2025\/05\/cambioclimatico-1024x530.png 1024w, https:\/\/daslatam.org\/daslatam\/wp-content\/uploads\/2025\/05\/cambioclimatico-768x398.png 768w\" sizes=\"auto, (max-width: 1078px) 100vw, 1078px\" \/>\n\n\n\n<h3 class=\"gb-text gb-text-425e6c24\"><a href=\"https:\/\/daslatam.org\/daslatam\/politica-fiscal-para-el-cambio-climatico-apoyo-al-ministerio-de-economia-de-argentina\/\">Pol\u00edtica Fiscal para el Cambio Clim\u00e1tico: Apoyo al Ministerio de Econom\u00eda de Argentina<\/a><\/h3>\n\n\n<div class=\"wp-block-post-date\"><time datetime=\"2024-09-02T14:58:00-03:00\">2024<\/time><\/div>\n\n\n<p class=\"gb-text gb-text-5097ecc0\">Relevamiento SIAF en Municipios de las provincias de Jujuy y Salta<\/p>\n<\/div>\n\n<div class=\"gb-loop-item gb-loop-item-78276832 post-762 post type-post status-publish format-standard has-post-thumbnail hentry category-profip-iii tag-argentina tag-bid tag-fiscal tag-tecnologia-tics\">\n<img loading=\"lazy\" decoding=\"async\" width=\"2162\" height=\"932\" data-media-id=\"763\" class=\"gb-media-81958b5b\" src=\"https:\/\/daslatam.org\/daslatam\/wp-content\/uploads\/2025\/05\/eSIDIF.png\" alt=\"Programa de Apoyo a la Gesti\u00f3n Integrada del Gasto P\u00fablico\" srcset=\"https:\/\/daslatam.org\/daslatam\/wp-content\/uploads\/2025\/05\/eSIDIF.png 2162w, https:\/\/daslatam.org\/daslatam\/wp-content\/uploads\/2025\/05\/eSIDIF-300x129.png 300w, https:\/\/daslatam.org\/daslatam\/wp-content\/uploads\/2025\/05\/eSIDIF-1024x441.png 1024w, https:\/\/daslatam.org\/daslatam\/wp-content\/uploads\/2025\/05\/eSIDIF-768x331.png 768w, https:\/\/daslatam.org\/daslatam\/wp-content\/uploads\/2025\/05\/eSIDIF-1536x662.png 1536w, https:\/\/daslatam.org\/daslatam\/wp-content\/uploads\/2025\/05\/eSIDIF-2048x883.png 2048w\" sizes=\"auto, (max-width: 2162px) 100vw, 2162px\" \/>\n\n\n\n<h3 class=\"gb-text gb-text-425e6c24\"><a href=\"https:\/\/daslatam.org\/daslatam\/programa-de-apoyo-a-la-gestion-integrada-del-gasto-publico\/\">Programa de Apoyo a la Gesti\u00f3n Integrada del Gasto P\u00fablico<\/a><\/h3>\n\n\n<div class=\"wp-block-post-date\"><time datetime=\"2024-05-05T14:45:00-03:00\">2024<\/time><\/div>\n\n\n<p class=\"gb-text gb-text-5097ecc0\">Asistencia para la implementaci\u00f3n del eSIDIF en las provincias<\/p>\n<\/div>\n\n<div class=\"gb-loop-item gb-loop-item-78276832 post-748 post type-post status-publish format-standard has-post-thumbnail hentry category-prestamo-fonplata-arg-51-2021 tag-argentina tag-desarrollo tag-fonplata\">\n<img loading=\"lazy\" decoding=\"async\" width=\"2560\" height=\"1436\" data-media-id=\"749\" class=\"gb-media-81958b5b\" src=\"https:\/\/daslatam.org\/daslatam\/wp-content\/uploads\/2025\/05\/armonico-scaled.png\" alt=\"Programa de Apoyo a la Convocatoria de Proyectos para el Desarrollo Arm\u00f3nico con Equilibrio Territorial\" srcset=\"https:\/\/daslatam.org\/daslatam\/wp-content\/uploads\/2025\/05\/armonico-scaled.png 2560w, https:\/\/daslatam.org\/daslatam\/wp-content\/uploads\/2025\/05\/armonico-300x168.png 300w, https:\/\/daslatam.org\/daslatam\/wp-content\/uploads\/2025\/05\/armonico-1024x574.png 1024w, https:\/\/daslatam.org\/daslatam\/wp-content\/uploads\/2025\/05\/armonico-768x431.png 768w, https:\/\/daslatam.org\/daslatam\/wp-content\/uploads\/2025\/05\/armonico-1536x862.png 1536w, https:\/\/daslatam.org\/daslatam\/wp-content\/uploads\/2025\/05\/armonico-2048x1149.png 2048w\" sizes=\"auto, (max-width: 2560px) 100vw, 2560px\" \/>\n\n\n\n<h3 class=\"gb-text gb-text-425e6c24\"><a href=\"https:\/\/daslatam.org\/daslatam\/programa-de-apoyo-a-la-convocatoria-de-proyectos-para-el-desarrollo-armonico-con-equilibrio-territorial\/\">Programa de Apoyo a la Convocatoria de Proyectos para el Desarrollo Arm\u00f3nico con Equilibrio Territorial<\/a><\/h3>\n\n\n<div class=\"wp-block-post-date\"><time datetime=\"2023-12-05T14:15:00-03:00\">2023<\/time><\/div>\n\n\n<p class=\"gb-text gb-text-5097ecc0\">Monitoreo y Evaluaci\u00f3n del Impacto del Proyecto.<\/p>\n<\/div>\n<\/div><\/div>\n\n\n<p class=\"aligncenter is-style-default wp-block-tag-cloud\"><a href=\"https:\/\/daslatam.org\/daslatam\/tag\/argentina\/\" class=\"tag-cloud-link tag-link-13 tag-link-position-1\" style=\"font-size: 27.307692307692pt;\" aria-label=\"Argentina (15 elementos)\">Argentina<span class=\"tag-link-count\"> (15)<\/span><\/a>\n<a href=\"https:\/\/daslatam.org\/daslatam\/tag\/bid\/\" class=\"tag-cloud-link tag-link-15 tag-link-position-2\" style=\"font-size: 30pt;\" aria-label=\"BID (21 elementos)\">BID<span class=\"tag-link-count\"> (21)<\/span><\/a>\n<a href=\"https:\/\/daslatam.org\/daslatam\/tag\/birf\/\" class=\"tag-cloud-link tag-link-16 tag-link-position-3\" style=\"font-size: 10pt;\" aria-label=\"BIRF (1 elemento)\">BIRF<span class=\"tag-link-count\"> (1)<\/span><\/a>\n<a href=\"https:\/\/daslatam.org\/daslatam\/tag\/cfi\/\" class=\"tag-cloud-link tag-link-36 tag-link-position-4\" style=\"font-size: 10pt;\" aria-label=\"CFI (1 elemento)\">CFI<span class=\"tag-link-count\"> (1)<\/span><\/a>\n<a href=\"https:\/\/daslatam.org\/daslatam\/tag\/colombia\/\" class=\"tag-cloud-link tag-link-18 tag-link-position-5\" style=\"font-size: 15.769230769231pt;\" aria-label=\"Colombia (3 elementos)\">Colombia<span class=\"tag-link-count\"> (3)<\/span><\/a>\n<a href=\"https:\/\/daslatam.org\/daslatam\/tag\/desarrollo\/\" class=\"tag-cloud-link tag-link-61 tag-link-position-6\" style=\"font-size: 10pt;\" aria-label=\"Desarrollo (1 elemento)\">Desarrollo<span class=\"tag-link-count\"> (1)<\/span><\/a>\n<a href=\"https:\/\/daslatam.org\/daslatam\/tag\/desarrollo-urbano\/\" class=\"tag-cloud-link tag-link-19 tag-link-position-7\" style=\"font-size: 13.461538461538pt;\" aria-label=\"Desarrollo Urbano (2 elementos)\">Desarrollo Urbano<span class=\"tag-link-count\"> (2)<\/span><\/a>\n<a href=\"https:\/\/daslatam.org\/daslatam\/tag\/ecuador\/\" class=\"tag-cloud-link tag-link-54 tag-link-position-8\" style=\"font-size: 10pt;\" aria-label=\"Ecuador (1 elemento)\">Ecuador<span class=\"tag-link-count\"> (1)<\/span><\/a>\n<a href=\"https:\/\/daslatam.org\/daslatam\/tag\/educacion\/\" class=\"tag-cloud-link tag-link-21 tag-link-position-9\" style=\"font-size: 23.461538461538pt;\" aria-label=\"Educacion (9 elementos)\">Educacion<span class=\"tag-link-count\"> (9)<\/span><\/a>\n<a href=\"https:\/\/daslatam.org\/daslatam\/tag\/fiscal\/\" class=\"tag-cloud-link tag-link-38 tag-link-position-10\" style=\"font-size: 19.230769230769pt;\" aria-label=\"Fiscal (5 elementos)\">Fiscal<span class=\"tag-link-count\"> (5)<\/span><\/a>\n<a href=\"https:\/\/daslatam.org\/daslatam\/tag\/fonplata\/\" class=\"tag-cloud-link tag-link-23 tag-link-position-11\" style=\"font-size: 10pt;\" aria-label=\"FONPLATA (1 elemento)\">FONPLATA<span class=\"tag-link-count\"> (1)<\/span><\/a>\n<a href=\"https:\/\/daslatam.org\/daslatam\/tag\/gcaba\/\" class=\"tag-cloud-link tag-link-37 tag-link-position-12\" style=\"font-size: 10pt;\" aria-label=\"GCABA (1 elemento)\">GCABA<span class=\"tag-link-count\"> (1)<\/span><\/a>\n<a href=\"https:\/\/daslatam.org\/daslatam\/tag\/gestion-fiscal\/\" class=\"tag-cloud-link tag-link-24 tag-link-position-13\" style=\"font-size: 10pt;\" aria-label=\"Gesti\u00f3n Fiscal (1 elemento)\">Gesti\u00f3n Fiscal<span class=\"tag-link-count\"> (1)<\/span><\/a>\n<a href=\"https:\/\/daslatam.org\/daslatam\/tag\/higiene-urbana\/\" class=\"tag-cloud-link tag-link-25 tag-link-position-14\" style=\"font-size: 10pt;\" aria-label=\"Higiene Urbana (1 elemento)\">Higiene Urbana<span class=\"tag-link-count\"> (1)<\/span><\/a>\n<a href=\"https:\/\/daslatam.org\/daslatam\/tag\/infraestructura\/\" class=\"tag-cloud-link tag-link-39 tag-link-position-15\" style=\"font-size: 10pt;\" aria-label=\"Infraestructura (1 elemento)\">Infraestructura<span class=\"tag-link-count\"> (1)<\/span><\/a>\n<a href=\"https:\/\/daslatam.org\/daslatam\/tag\/medio-ambiente\/\" class=\"tag-cloud-link tag-link-27 tag-link-position-16\" style=\"font-size: 10pt;\" aria-label=\"Medio Ambiente (1 elemento)\">Medio Ambiente<span class=\"tag-link-count\"> (1)<\/span><\/a>\n<a href=\"https:\/\/daslatam.org\/daslatam\/tag\/paraguay\/\" class=\"tag-cloud-link tag-link-28 tag-link-position-17\" style=\"font-size: 10pt;\" aria-label=\"Paraguay (1 elemento)\">Paraguay<span class=\"tag-link-count\"> (1)<\/span><\/a>\n<a href=\"https:\/\/daslatam.org\/daslatam\/tag\/pnud\/\" class=\"tag-cloud-link tag-link-42 tag-link-position-18\" style=\"font-size: 10pt;\" aria-label=\"PNUD (1 elemento)\">PNUD<span class=\"tag-link-count\"> (1)<\/span><\/a>\n<a href=\"https:\/\/daslatam.org\/daslatam\/tag\/presupuesto\/\" class=\"tag-cloud-link tag-link-44 tag-link-position-19\" style=\"font-size: 10pt;\" aria-label=\"Presupuesto (1 elemento)\">Presupuesto<span class=\"tag-link-count\"> (1)<\/span><\/a>\n<a href=\"https:\/\/daslatam.org\/daslatam\/tag\/productivo\/\" class=\"tag-cloud-link tag-link-41 tag-link-position-20\" style=\"font-size: 10pt;\" aria-label=\"Productivo (1 elemento)\">Productivo<span class=\"tag-link-count\"> (1)<\/span><\/a>\n<a href=\"https:\/\/daslatam.org\/daslatam\/tag\/proveedores\/\" class=\"tag-cloud-link tag-link-88 tag-link-position-21\" style=\"font-size: 10pt;\" aria-label=\"Proveedores (1 elemento)\">Proveedores<span class=\"tag-link-count\"> (1)<\/span><\/a>\n<a href=\"https:\/\/daslatam.org\/daslatam\/tag\/pymes\/\" class=\"tag-cloud-link tag-link-90 tag-link-position-22\" style=\"font-size: 13.461538461538pt;\" aria-label=\"PyMEs (2 elementos)\">PyMEs<span class=\"tag-link-count\"> (2)<\/span><\/a>\n<a href=\"https:\/\/daslatam.org\/daslatam\/tag\/reforma-del-estado\/\" class=\"tag-cloud-link tag-link-52 tag-link-position-23\" style=\"font-size: 10pt;\" aria-label=\"Reforma del Estado (1 elemento)\">Reforma del Estado<span class=\"tag-link-count\"> (1)<\/span><\/a>\n<a href=\"https:\/\/daslatam.org\/daslatam\/tag\/registros\/\" class=\"tag-cloud-link tag-link-89 tag-link-position-24\" style=\"font-size: 10pt;\" aria-label=\"Registros (1 elemento)\">Registros<span class=\"tag-link-count\"> (1)<\/span><\/a>\n<a href=\"https:\/\/daslatam.org\/daslatam\/tag\/salud\/\" class=\"tag-cloud-link tag-link-29 tag-link-position-25\" style=\"font-size: 15.769230769231pt;\" aria-label=\"Salud (3 elementos)\">Salud<span class=\"tag-link-count\"> (3)<\/span><\/a>\n<a href=\"https:\/\/daslatam.org\/daslatam\/tag\/tecnologia-tics\/\" class=\"tag-cloud-link tag-link-30 tag-link-position-26\" style=\"font-size: 22.5pt;\" aria-label=\"Tecnolog\u00eda (TICs) (8 elementos)\">Tecnolog\u00eda (TICs)<span class=\"tag-link-count\"> (8)<\/span><\/a>\n<a href=\"https:\/\/daslatam.org\/daslatam\/tag\/uruguay\/\" class=\"tag-cloud-link tag-link-31 tag-link-position-27\" style=\"font-size: 22.5pt;\" aria-label=\"Uruguay (8 elementos)\">Uruguay<span class=\"tag-link-count\"> (8)<\/span><\/a><\/p>\n\n\n<p><\/p>\n","protected":false},"excerpt":{"rendered":"<p>En DAS Latam contamos con profesionales interdisciplinarios con formaci\u00f3n acad\u00e9mica de reconocimiento mundial. Docentes, Investigadores, Consultores con experiencia calificada en [&hellip;]<\/p>\n","protected":false},"author":2,"featured_media":0,"parent":0,"menu_order":0,"comment_status":"closed","ping_status":"closed","template":"","meta":{"googlesitekit_rrm_CAow1aHbCw:productID":"","site-sidebar-layout":"default","site-content-layout":"","ast-site-content-layout":"default","site-content-style":"default","site-sidebar-style":"default","ast-global-header-display":"","ast-banner-title-visibility":"","ast-main-header-display":"","ast-hfb-above-header-display":"","ast-hfb-below-header-display":"","ast-hfb-mobile-header-display":"","site-post-title":"","ast-breadcrumbs-content":"","ast-featured-img":"","footer-sml-layout":"","ast-disable-related-posts":"","theme-transparent-header-meta":"","adv-header-id-meta":"","stick-header-meta":"","header-above-stick-meta":"","header-main-stick-meta":"","header-below-stick-meta":"","astra-migrate-meta-layouts":"default","ast-page-background-enabled":"default","ast-page-background-meta":{"desktop":{"background-color":"var(--ast-global-color-5)","background-image":"","background-repeat":"repeat","background-position":"center center","background-size":"auto","background-attachment":"scroll","background-type":"","background-media":"","overlay-type":"","overlay-color":"","overlay-opacity":"","overlay-gradient":""},"tablet":{"background-color":"","background-image":"","background-repeat":"repeat","background-position":"center center","background-size":"auto","background-attachment":"scroll","background-type":"","background-media":"","overlay-type":"","overlay-color":"","overlay-opacity":"","overlay-gradient":""},"mobile":{"background-color":"","background-image":"","background-repeat":"repeat","background-position":"center center","background-size":"auto","background-attachment":"scroll","background-type":"","background-media":"","overlay-type":"","overlay-color":"","overlay-opacity":"","overlay-gradient":""}},"ast-content-background-meta":{"desktop":{"background-color":"var(--ast-global-color-4)","background-image":"","background-repeat":"repeat","background-position":"center center","background-size":"auto","background-attachment":"scroll","background-type":"","background-media":"","overlay-type":"","overlay-color":"","overlay-opacity":"","overlay-gradient":""},"tablet":{"background-color":"var(--ast-global-color-4)","background-image":"","background-repeat":"repeat","background-position":"center center","background-size":"auto","background-attachment":"scroll","background-type":"","background-media":"","overlay-type":"","overlay-color":"","overlay-opacity":"","overlay-gradient":""},"mobile":{"background-color":"var(--ast-global-color-4)","background-image":"","background-repeat":"repeat","background-position":"center center","background-size":"auto","background-attachment":"scroll","background-type":"","background-media":"","overlay-type":"","overlay-color":"","overlay-opacity":"","overlay-gradient":""}},"footnotes":""},"class_list":["post-274","page","type-page","status-publish","hentry"],"_links":{"self":[{"href":"https:\/\/daslatam.org\/daslatam\/wp-json\/wp\/v2\/pages\/274","targetHints":{"allow":["GET"]}}],"collection":[{"href":"https:\/\/daslatam.org\/daslatam\/wp-json\/wp\/v2\/pages"}],"about":[{"href":"https:\/\/daslatam.org\/daslatam\/wp-json\/wp\/v2\/types\/page"}],"author":[{"embeddable":true,"href":"https:\/\/daslatam.org\/daslatam\/wp-json\/wp\/v2\/users\/2"}],"replies":[{"embeddable":true,"href":"https:\/\/daslatam.org\/daslatam\/wp-json\/wp\/v2\/comments?post=274"}],"version-history":[{"count":14,"href":"https:\/\/daslatam.org\/daslatam\/wp-json\/wp\/v2\/pages\/274\/revisions"}],"predecessor-version":[{"id":975,"href":"https:\/\/daslatam.org\/daslatam\/wp-json\/wp\/v2\/pages\/274\/revisions\/975"}],"wp:attachment":[{"href":"https:\/\/daslatam.org\/daslatam\/wp-json\/wp\/v2\/media?parent=274"}],"curies":[{"name":"wp","href":"https:\/\/api.w.org\/{rel}","templated":true}]}}